{"id":26238,"date":"2025-03-10T17:38:27","date_gmt":"2025-03-10T16:38:27","guid":{"rendered":"https:\/\/roig.com\/cars\/porsche-carrera-911-s\/"},"modified":"2026-02-05T16:31:42","modified_gmt":"2026-02-05T15:31:42","slug":"porsche-carrera-911-s","status":"publish","type":"cars","link":"https:\/\/roig.com\/pl\/cars\/porsche-carrera-911-s\/","title":{"rendered":"Porsche Carrera 911 Cabrio"},"content":{"rendered":"\n<h2 class=\"wp-block-heading\"><strong>Wynajem Porsche Carrera 911 S na Majorce<\/strong><\/h2>\n\n\n\n<p>Dzi\u0119ki nowemu designowi Porsche 911 od\u015bwie\u017ca gam\u0119 Carrera, oferuj\u0105c sportowe auta o niskiej, szerokiej i dynamicznej sylwetce. Baga\u017cnik o pojemno\u015bci 195 litr\u00f3w pozwala zabra\u0107 dwie ma\u0142e walizki. Tylne siedzenia mog\u0105 s\u0142u\u017cy\u0107 do przewozu pasa\u017cer\u00f3w na kr\u00f3tkich dystansach, pod warunkiem \u017ce ani oni, ani osoby siedz\u0105ce z przodu nie s\u0105 zbyt wysokie. Wynajem tego kabrioletu na Majorce pozwoli Ci do\u015bwiadczy\u0107 elegancji i doskona\u0142o\u015bci zamkni\u0119tych w samochodzie.<\/p>\n\n\n\n<h2 class=\"wp-block-heading\"><strong>Wynajem Porsche na Majorce z ROIG Rent a Car<\/strong><\/h2>\n\n\n\n<p>Je\u015bli szukasz samochodu do wynaj\u0119cia na Majorce na przejrzystych warunkach, ROIG Rent a Car to w\u0142a\u015bciwy wyb\u00f3r. Korzystaj\u0105c z naszych samochod\u00f3w do wynaj\u0119cia na Majorce, zyskujesz wiele korzy\u015bci, takich jak polityka paliwowa pe\u0142ny\u2013pe\u0142ny, brak obowi\u0105zkowych dodatk\u00f3w oraz mo\u017cliwo\u015b\u0107 wyboru ubezpieczenia bezpo\u015brednio na stronie internetowej. Dodatkowo mo\u017cesz \u0142atwo wynaj\u0105\u0107 Porsche Carrera 911 S bez udzia\u0142u w\u0142asnego. Wi\u0119cej informacji znajdziesz w sekcji warunk\u00f3w. Dzi\u0119ki naszym dodatkom b\u0119dziesz mie\u0107 wszystko, czego potrzebujesz, aby Twoja podr\u00f3\u017c na Majork\u0119 by\u0142a w pe\u0142ni udana.<\/p>\n\n\n\n<p>Potrzebujesz czego\u015b wi\u0119cej? Sprawd\u017a nasze bezp\u0142atne us\u0142ugi, takie jak shuttle bus, kt\u00f3ry zabierze Ci\u0119 bezpo\u015brednio spod hali przylot\u00f3w lotniska do Twojego samochodu, lub mo\u017cliwo\u015b\u0107 bezp\u0142atnego anulowania rezerwacji do 48 godzin przed odbiorem.<\/p>\n\n\n\n<h2 class=\"wp-block-heading\"><strong>Odkryj Majork\u0119 z Porsche Carrera 911 S<\/strong><\/h2>\n\n\n\n<p>Wynajem Porsche na Majorce pozwoli Ci odkry\u0107 wiele niezwyk\u0142ych zak\u0105tk\u00f3w wyspy, kt\u00f3rych nie mo\u017cna pomin\u0105\u0107. Od przeja\u017cd\u017cek kr\u0119tymi drogami pasma g\u00f3rskiego Serra de Tramuntana, po wizyty w najbardziej ekskluzywnych nadmorskich miejscowo\u015bciach, takich jak Cala d\u2019Or, Portocolom czy Port d\u2019Andratx.<\/p>\n\n\n\n<p>Nie zapomnij r\u00f3wnie\u017c zajrze\u0107 do naszego przewodnika turystycznego, aby zaplanowa\u0107 wakacje i odkry\u0107 najpi\u0119kniejsze miejsca na naszej wyspie. Z pewno\u015bci\u0105 Ci\u0119 zachwyc\u0105.<\/p>\n\n\n\n<p>Zdecyduj si\u0119 na wynajem Porsche Carrera 911 S na Majorce i odkrywaj Baleary w najbardziej komfortowy spos\u00f3b.<\/p>\n\n\n\n<h2 class=\"wp-block-heading\"><strong>Charakterystyka Porsche Carrera 911 S<\/strong><\/h2>\n\n\n\n<p>(kod ROIG S-1)<\/p>\n\n\n\n<p>Kategoria: Luksus<br>4 pasa\u017cer\u00f3w<br>2 walizki<br>3 drzwi<br>Klimatyzacja<br>Automatyczna skrzynia bieg\u00f3w<br>GPS opcjonalnie<br>Wiek kierowcy: powy\u017cej 25 lat<\/p>\n","protected":false},"featured_media":26239,"template":"","car-category":[443],"car-type":[450,445],"characteristics":[446,447],"class_list":["post-26238","cars","type-cars","status-publish","has-post-thumbnail","hentry","car-category-premium-pl","car-type-kabriolet","car-type-premium-pl","characteristics-kierowca-25","characteristics-wylacznie-w-internecie"],"_links":{"self":[{"href":"https:\/\/roig.com\/pl\/wp-json\/wp\/v2\/cars\/26238","targetHints":{"allow":["GET"]}}],"collection":[{"href":"https:\/\/roig.com\/pl\/wp-json\/wp\/v2\/cars"}],"about":[{"href":"https:\/\/roig.com\/pl\/wp-json\/wp\/v2\/types\/cars"}],"wp:featuredmedia":[{"embeddable":true,"href":"https:\/\/roig.com\/pl\/wp-json\/wp\/v2\/media\/26239"}],"wp:attachment":[{"href":"https:\/\/roig.com\/pl\/wp-json\/wp\/v2\/media?parent=26238"}],"wp:term":[{"taxonomy":"car-category","embeddable":true,"href":"https:\/\/roig.com\/pl\/wp-json\/wp\/v2\/car-category?post=26238"},{"taxonomy":"car-type","embeddable":true,"href":"https:\/\/roig.com\/pl\/wp-json\/wp\/v2\/car-type?post=26238"},{"taxonomy":"characteristics","embeddable":true,"href":"https:\/\/roig.com\/pl\/wp-json\/wp\/v2\/characteristics?post=26238"}],"curies":[{"name":"wp","href":"https:\/\/api.w.org\/{rel}","templated":true}]}}