{"id":26234,"date":"2025-03-17T11:02:58","date_gmt":"2025-03-17T10:02:58","guid":{"rendered":"https:\/\/roig.com\/cars\/bmw-serie-4-cabrio\/"},"modified":"2026-02-05T16:28:18","modified_gmt":"2026-02-05T15:28:18","slug":"bmw-serie-4-cabrio","status":"publish","type":"cars","link":"https:\/\/roig.com\/pl\/cars\/bmw-serie-4-cabrio\/","title":{"rendered":"BMW Serie 4 Cabrio"},"content":{"rendered":"\n<h2 class=\"wp-block-heading\"><strong>Wynajem BMW Serii 4 Cabrio na Majorce<\/strong><\/h2>\n\n\n\n<p>A gdyby tak nie straci\u0107 ani jednego promienia majorka\u0144skiego s\u0142o\u0144ca? Z BMW Serii 4 Cabrio od ROIG jest to mo\u017cliwe podczas Twoich kolejnych wakacji. BMW Serii 4 Cabrio zosta\u0142o wyposa\u017cone we wszystko, czego potrzebujesz, w tym w elektrycznie sterowany, dzielony metalowy dach.<\/p>\n\n\n\n<p>Model oferowany przez ROIG posiada automatyczn\u0105 skrzyni\u0119 bieg\u00f3w. Pojemno\u015b\u0107 baga\u017cnika wynosi 220 litr\u00f3w przy otwartym dachu oraz 370 litr\u00f3w przy dachu zamkni\u0119tym, co pozwala zmie\u015bci\u0107 2 walizki. Ten kabriolet do wynaj\u0119cia ma 3 drzwi, oferuje miejsce dla 4 pasa\u017cer\u00f3w i mo\u017cna nim kierowa\u0107 od 25. roku \u017cycia. Zdecydowa\u0142e\u015b si\u0119 na wynajem BMW na Majorce? Sprawd\u017a dost\u0119pno\u015b\u0107 i zarezerwuj ju\u017c teraz.<\/p>\n\n\n\n<p><strong>Wynajem BMW Serii 4 Cabrio na Majorce z ROIG Rent a Car<\/strong><\/p>\n\n\n\n<p>Je\u015bli szukasz samochodu do wynaj\u0119cia na Majorce na przejrzystych warunkach, ROIG Rent a Car to w\u0142a\u015bciwe miejsce. Oferujemy liczne udogodnienia, dzi\u0119ki kt\u00f3rym jazda wynaj\u0119tym BMW Serii 4 Cabrio stanie si\u0119 wyj\u0105tkowym do\u015bwiadczeniem. Na pocz\u0105tek polityka paliwowa pe\u0142ny\u2013pe\u0142ny oraz mo\u017cliwo\u015b\u0107 wyboru ubezpieczenia bezpo\u015brednio na stronie internetowej. Dodatkowo mo\u017cesz wynaj\u0105\u0107 nawigacj\u0119 GPS, aby bez problemu dotrze\u0107 do celu, zarezerwowa\u0107 fotelik dzieci\u0119cy lub doda\u0107 drugiego kierowc\u0119 ca\u0142kowicie bezp\u0142atnie.<\/p>\n\n\n\n<p>Na naszej stronie internetowej znajdziesz wszystkie szczeg\u00f3\u0142owe informacje. Sprawd\u017a sekcje dotycz\u0105ce warunk\u00f3w, dodatk\u00f3w oraz us\u0142ug.<\/p>\n\n\n\n<p><strong>Odkryj Majork\u0119 z BMW Serii 4 Cabrio<\/strong><\/p>\n\n\n\n<p>Wyobra\u017a sobie jazd\u0119 kabrioletem po Majorce, z morsk\u0105 bryz\u0105 Morza \u015ar\u00f3dziemnego towarzysz\u0105c\u0105 Ci na ka\u017cdym zakr\u0119cie i elegancj\u0105 BMW podkre\u015blaj\u0105c\u0105 ka\u017cdy p\u0142ynny ruch kierownicy.<\/p>\n\n\n\n<p>Podczas podr\u00f3\u017cy odkryjesz wiele niezwyk\u0142ych miejsc, poniewa\u017c wynaj\u0119te BMW pozwoli Ci dotrze\u0107 do najpi\u0119kniejszych zak\u0105tk\u00f3w wyspy, takich jak Przyl\u0105dek Formentor, pasmo g\u00f3rskie Serra de Tramuntana czy magiczne miasteczka Dei\u00e0 i Valldemossa.<\/p>\n\n\n\n<p>Nie zapomnij r\u00f3wnie\u017c zajrze\u0107 do naszego przewodnika turystycznego, aby zaplanowa\u0107 wakacje i odkry\u0107 najlepsze miejsca na naszej wyspie.<\/p>\n","protected":false},"featured_media":26235,"template":"","car-category":[443],"car-type":[450,445],"characteristics":[446,447],"class_list":["post-26234","cars","type-cars","status-publish","has-post-thumbnail","hentry","car-category-premium-pl","car-type-kabriolet","car-type-premium-pl","characteristics-kierowca-25","characteristics-wylacznie-w-internecie"],"_links":{"self":[{"href":"https:\/\/roig.com\/pl\/wp-json\/wp\/v2\/cars\/26234","targetHints":{"allow":["GET"]}}],"collection":[{"href":"https:\/\/roig.com\/pl\/wp-json\/wp\/v2\/cars"}],"about":[{"href":"https:\/\/roig.com\/pl\/wp-json\/wp\/v2\/types\/cars"}],"wp:featuredmedia":[{"embeddable":true,"href":"https:\/\/roig.com\/pl\/wp-json\/wp\/v2\/media\/26235"}],"wp:attachment":[{"href":"https:\/\/roig.com\/pl\/wp-json\/wp\/v2\/media?parent=26234"}],"wp:term":[{"taxonomy":"car-category","embeddable":true,"href":"https:\/\/roig.com\/pl\/wp-json\/wp\/v2\/car-category?post=26234"},{"taxonomy":"car-type","embeddable":true,"href":"https:\/\/roig.com\/pl\/wp-json\/wp\/v2\/car-type?post=26234"},{"taxonomy":"characteristics","embeddable":true,"href":"https:\/\/roig.com\/pl\/wp-json\/wp\/v2\/characteristics?post=26234"}],"curies":[{"name":"wp","href":"https:\/\/api.w.org\/{rel}","templated":true}]}}